{"id":803,"date":"2023-10-26T18:07:47","date_gmt":"2023-10-26T16:07:47","guid":{"rendered":"https:\/\/elevabalear.com\/?page_id=803"},"modified":"2025-09-10T14:21:44","modified_gmt":"2025-09-10T12:21:44","slug":"blog","status":"publish","type":"page","link":"https:\/\/elevabalear.com\/en\/blog\/","title":{"rendered":"Blog"},"content":{"rendered":"<div data-elementor-type=\"wp-page\" data-elementor-id=\"803\" class=\"elementor elementor-803\" data-elementor-post-type=\"page\">\n\t\t\t\t<div data-particle_enable=\"false\" data-particle-mobile-disabled=\"false\" class=\"elementor-element elementor-element-3d3d1be e-flex e-con-boxed e-con e-parent\" data-id=\"3d3d1be\" data-element_type=\"container\" data-e-type=\"container\" data-settings=\"{&quot;background_background&quot;:&quot;classic&quot;}\">\n\t\t\t\t\t<div class=\"e-con-inner\">\n\t\t<div data-particle_enable=\"false\" data-particle-mobile-disabled=\"false\" class=\"elementor-element elementor-element-72a4c60 e-con-full e-flex e-con e-child\" data-id=\"72a4c60\" data-element_type=\"container\" data-e-type=\"container\">\n\t\t\t\t<div class=\"elementor-element elementor-element-f146ad7 elementor-widget elementor-widget-heading\" data-id=\"f146ad7\" data-element_type=\"widget\" data-e-type=\"widget\" data-settings=\"{&quot;_animation&quot;:&quot;none&quot;}\" data-widget_type=\"heading.default\">\n\t\t\t\t<div class=\"elementor-widget-container\">\n\t\t\t\t\t<h1 class=\"elementor-heading-title elementor-size-default\">Blog<\/h1>\t\t\t\t<\/div>\n\t\t\t\t<\/div>\n\t\t\t\t<div class=\"elementor-element elementor-element-fbcc5cf elementor-widget elementor-widget-text-editor\" data-id=\"fbcc5cf\" data-element_type=\"widget\" data-e-type=\"widget\" data-settings=\"{&quot;_animation&quot;:&quot;none&quot;}\" data-widget_type=\"text-editor.default\">\n\t\t\t\t<div class=\"elementor-widget-container\">\n\t\t\t\t\t\t\t\t\t<p>Discover our blog where we explore the latest trends, technological innovations, knowledge about the sector and perspectives from experts in lifts and lifting systems.<\/p>\t\t\t\t\t\t\t\t<\/div>\n\t\t\t\t<\/div>\n\t\t\t\t<\/div>\n\t\t\t\t\t<\/div>\n\t\t\t\t<\/div>\n\t\t\t\t<section data-particle_enable=\"false\" data-particle-mobile-disabled=\"false\" class=\"elementor-section elementor-top-section elementor-element elementor-element-1a7d7330 elementor-section-height-min-height elementor-section-boxed elementor-section-height-default elementor-section-items-middle\" data-id=\"1a7d7330\" data-element_type=\"section\" data-e-type=\"section\" data-settings=\"{&quot;background_background&quot;:&quot;classic&quot;}\">\n\t\t\t\t\t\t\t<div class=\"elementor-background-overlay\"><\/div>\n\t\t\t\t\t\t\t<div class=\"elementor-container elementor-column-gap-default\">\n\t\t\t\t\t<div class=\"elementor-column elementor-col-100 elementor-top-column elementor-element elementor-element-74589cb5\" data-id=\"74589cb5\" data-element_type=\"column\" data-e-type=\"column\">\n\t\t\t<div class=\"elementor-widget-wrap elementor-element-populated\">\n\t\t\t\t\t\t<section data-particle_enable=\"false\" data-particle-mobile-disabled=\"false\" class=\"elementor-section elementor-inner-section elementor-element elementor-element-63673d81 elementor-section-boxed elementor-section-height-default elementor-section-height-default\" data-id=\"63673d81\" data-element_type=\"section\" data-e-type=\"section\">\n\t\t\t\t\t\t<div class=\"elementor-container elementor-column-gap-default\">\n\t\t\t\t\t<div class=\"elementor-column elementor-col-100 elementor-inner-column elementor-element elementor-element-88464c3\" data-id=\"88464c3\" data-element_type=\"column\" data-e-type=\"column\">\n\t\t\t<div class=\"elementor-widget-wrap\">\n\t\t\t\t\t\t\t<\/div>\n\t\t<\/div>\n\t\t\t\t\t<\/div>\n\t\t<\/section>\n\t\t\t\t<div class=\"elementor-element elementor-element-689ce4ec elementor-grid-3 elementor-grid-tablet-2 elementor-grid-mobile-1 elementor-posts--thumbnail-top elementor-invisible elementor-widget elementor-widget-posts\" data-id=\"689ce4ec\" data-element_type=\"widget\" data-e-type=\"widget\" data-settings=\"{&quot;pagination_type&quot;:&quot;prev_next&quot;,&quot;_animation&quot;:&quot;fadeInUp&quot;,&quot;classic_columns&quot;:&quot;3&quot;,&quot;classic_columns_tablet&quot;:&quot;2&quot;,&quot;classic_columns_mobile&quot;:&quot;1&quot;,&quot;classic_row_gap&quot;:{&quot;unit&quot;:&quot;px&quot;,&quot;size&quot;:35,&quot;sizes&quot;:[]},&quot;classic_row_gap_widescreen&quot;:{&quot;unit&quot;:&quot;px&quot;,&quot;size&quot;:&quot;&quot;,&quot;sizes&quot;:[]},&quot;classic_row_gap_tablet&quot;:{&quot;unit&quot;:&quot;px&quot;,&quot;size&quot;:&quot;&quot;,&quot;sizes&quot;:[]},&quot;classic_row_gap_mobile&quot;:{&quot;unit&quot;:&quot;px&quot;,&quot;size&quot;:&quot;&quot;,&quot;sizes&quot;:[]}}\" data-widget_type=\"posts.classic\">\n\t\t\t\t<div class=\"elementor-widget-container\">\n\t\t\t\t\t\t\t<div class=\"elementor-posts-container elementor-posts elementor-posts--skin-classic elementor-grid\" role=\"list\">\n\t\t\t\t<article class=\"elementor-post elementor-grid-item post-20954 post type-post status-publish format-standard has-post-thumbnail hentry category-uncategorized entry has-media\" role=\"listitem\">\n\t\t\t\t<a class=\"elementor-post__thumbnail__link\" href=\"https:\/\/elevabalear.com\/en\/what-happens-if-a-lift-gets-stuck-between-floors\/\" tabindex=\"-1\" >\n\t\t\t<div class=\"elementor-post__thumbnail\"><img fetchpriority=\"high\" decoding=\"async\" width=\"300\" height=\"200\" src=\"https:\/\/elevabalear.com\/wp-content\/uploads\/2026\/03\/que-pasa-si-un-ascensor-se-queda-entre-pisos-300x200.jpg\" class=\"attachment-medium size-medium wp-image-20956\" alt=\"Want to know what happens if a lift gets stuck between floors? We&#039;ll tell you in this article. Lift technicians in Palma de Mallorca.\" srcset=\"https:\/\/elevabalear.com\/wp-content\/uploads\/2026\/03\/que-pasa-si-un-ascensor-se-queda-entre-pisos-300x200.jpg 300w, https:\/\/elevabalear.com\/wp-content\/uploads\/2026\/03\/que-pasa-si-un-ascensor-se-queda-entre-pisos-768x512.jpg 768w, https:\/\/elevabalear.com\/wp-content\/uploads\/2026\/03\/que-pasa-si-un-ascensor-se-queda-entre-pisos-18x12.jpg 18w, https:\/\/elevabalear.com\/wp-content\/uploads\/2026\/03\/que-pasa-si-un-ascensor-se-queda-entre-pisos.jpg 1000w\" sizes=\"(max-width: 300px) 100vw, 300px\" \/><\/div>\n\t\t<\/a>\n\t\t\t\t<div class=\"elementor-post__text\">\n\t\t\t\t<h2 class=\"elementor-post__title\">\n\t\t\t<a href=\"https:\/\/elevabalear.com\/en\/what-happens-if-a-lift-gets-stuck-between-floors\/\" >\n\t\t\t\tWhat happens if a lift gets stuck between floors?\t\t\t<\/a>\n\t\t<\/h2>\n\t\t\t\t<div class=\"elementor-post__excerpt\">\n\t\t\t<p>It doesn&#039;t have to actually happen to command respect. Just imagining it is enough to make you a little tense: you&#039;re inside the elevator, it stops\u2026 and it doesn&#039;t land on any floor. You can&#039;t even\u2026<\/p>\n\t\t<\/div>\n\t\t\t\t\t<div class=\"elementor-post__read-more-wrapper\">\n\t\t\n\t\t<a class=\"elementor-post__read-more\" href=\"https:\/\/elevabalear.com\/en\/what-happens-if-a-lift-gets-stuck-between-floors\/\" aria-label=\"Read more about \u00bfQu\u00e9 pasa si un Ascensor se Queda entre Pisos?\" tabindex=\"-1\" >\n\t\t\tRead more \u00bb\t\t<\/a>\n\n\t\t\t\t\t<\/div>\n\t\t\t\t<\/div>\n\t\t\t\t<\/article>\n\t\t\t\t<article class=\"elementor-post elementor-grid-item post-20951 post type-post status-publish format-standard has-post-thumbnail hentry category-uncategorized entry has-media\" role=\"listitem\">\n\t\t\t\t<a class=\"elementor-post__thumbnail__link\" href=\"https:\/\/elevabalear.com\/en\/why-is-the-lift-slow-or-jerky\/\" tabindex=\"-1\" >\n\t\t\t<div class=\"elementor-post__thumbnail\"><img decoding=\"async\" width=\"300\" height=\"200\" src=\"https:\/\/elevabalear.com\/wp-content\/uploads\/2026\/03\/por-que-el-ascensor-va-lento-o-da-tirones-300x200.jpg\" class=\"attachment-medium size-medium wp-image-20953\" alt=\"Want to know why your lift is slow or jerking? We&#039;ll tell you in this article. Elevator technicians in Palma de Mallorca.\" srcset=\"https:\/\/elevabalear.com\/wp-content\/uploads\/2026\/03\/por-que-el-ascensor-va-lento-o-da-tirones-300x200.jpg 300w, https:\/\/elevabalear.com\/wp-content\/uploads\/2026\/03\/por-que-el-ascensor-va-lento-o-da-tirones-768x512.jpg 768w, https:\/\/elevabalear.com\/wp-content\/uploads\/2026\/03\/por-que-el-ascensor-va-lento-o-da-tirones-18x12.jpg 18w, https:\/\/elevabalear.com\/wp-content\/uploads\/2026\/03\/por-que-el-ascensor-va-lento-o-da-tirones.jpg 1000w\" sizes=\"(max-width: 300px) 100vw, 300px\" \/><\/div>\n\t\t<\/a>\n\t\t\t\t<div class=\"elementor-post__text\">\n\t\t\t\t<h2 class=\"elementor-post__title\">\n\t\t\t<a href=\"https:\/\/elevabalear.com\/en\/why-is-the-lift-slow-or-jerky\/\" >\n\t\t\t\tWhy is the lift slow or jerking?\t\t\t<\/a>\n\t\t<\/h2>\n\t\t\t\t<div class=\"elementor-post__excerpt\">\n\t\t\t<p>There are signs that don&#039;t need much explanation. You get on the elevator, press the button\u2026 and something&#039;s not right. It takes a while to start, it moves jerkily, or it seems like it&#039;s going to\u2026<\/p>\n\t\t<\/div>\n\t\t\t\t\t<div class=\"elementor-post__read-more-wrapper\">\n\t\t\n\t\t<a class=\"elementor-post__read-more\" href=\"https:\/\/elevabalear.com\/en\/why-is-the-lift-slow-or-jerky\/\" aria-label=\"Read more about \u00bfPor qu\u00e9 el Ascensor va Lento o da Tirones?\" tabindex=\"-1\" >\n\t\t\tRead more \u00bb\t\t<\/a>\n\n\t\t\t\t\t<\/div>\n\t\t\t\t<\/div>\n\t\t\t\t<\/article>\n\t\t\t\t<article class=\"elementor-post elementor-grid-item post-20948 post type-post status-publish format-standard has-post-thumbnail hentry category-uncategorized entry has-media\" role=\"listitem\">\n\t\t\t\t<a class=\"elementor-post__thumbnail__link\" href=\"https:\/\/elevabalear.com\/en\/is-it-mandatory-to-install-an-elevator-in-an-old-building\/\" tabindex=\"-1\" >\n\t\t\t<div class=\"elementor-post__thumbnail\"><img decoding=\"async\" width=\"300\" height=\"200\" src=\"https:\/\/elevabalear.com\/wp-content\/uploads\/2026\/03\/es-obligatorio-instalar-un-ascensor-en-un-edificio-antiguo-300x200.jpg\" class=\"attachment-medium size-medium wp-image-20950\" alt=\"Want to know if installing a lift is mandatory in an older building? This article will tell you. Lift installers in Mallorca.\" srcset=\"https:\/\/elevabalear.com\/wp-content\/uploads\/2026\/03\/es-obligatorio-instalar-un-ascensor-en-un-edificio-antiguo-300x200.jpg 300w, https:\/\/elevabalear.com\/wp-content\/uploads\/2026\/03\/es-obligatorio-instalar-un-ascensor-en-un-edificio-antiguo-768x512.jpg 768w, https:\/\/elevabalear.com\/wp-content\/uploads\/2026\/03\/es-obligatorio-instalar-un-ascensor-en-un-edificio-antiguo-18x12.jpg 18w, https:\/\/elevabalear.com\/wp-content\/uploads\/2026\/03\/es-obligatorio-instalar-un-ascensor-en-un-edificio-antiguo.jpg 1000w\" sizes=\"(max-width: 300px) 100vw, 300px\" \/><\/div>\n\t\t<\/a>\n\t\t\t\t<div class=\"elementor-post__text\">\n\t\t\t\t<h2 class=\"elementor-post__title\">\n\t\t\t<a href=\"https:\/\/elevabalear.com\/en\/is-it-mandatory-to-install-an-elevator-in-an-old-building\/\" >\n\t\t\t\tIs it mandatory to install a lift in an old building?\t\t\t<\/a>\n\t\t<\/h2>\n\t\t\t\t<div class=\"elementor-post__excerpt\">\n\t\t\t<p>In many old buildings in Mallorca, a common situation exists: several floors, residents of all ages\u2026 and not a single elevator. What years ago was not<\/p>\n\t\t<\/div>\n\t\t\t\t\t<div class=\"elementor-post__read-more-wrapper\">\n\t\t\n\t\t<a class=\"elementor-post__read-more\" href=\"https:\/\/elevabalear.com\/en\/is-it-mandatory-to-install-an-elevator-in-an-old-building\/\" aria-label=\"Read more about \u00bfEs Obligatorio Instalar un Ascensor en un Edificio Antiguo?\" tabindex=\"-1\" >\n\t\t\tRead more \u00bb\t\t<\/a>\n\n\t\t\t\t\t<\/div>\n\t\t\t\t<\/div>\n\t\t\t\t<\/article>\n\t\t\t\t<article class=\"elementor-post elementor-grid-item post-20943 post type-post status-publish format-standard has-post-thumbnail hentry category-uncategorized entry has-media\" role=\"listitem\">\n\t\t\t\t<a class=\"elementor-post__thumbnail__link\" href=\"https:\/\/elevabalear.com\/en\/what-to-do-if-the-lift-stops\/\" tabindex=\"-1\" >\n\t\t\t<div class=\"elementor-post__thumbnail\"><img loading=\"lazy\" decoding=\"async\" width=\"300\" height=\"200\" src=\"https:\/\/elevabalear.com\/wp-content\/uploads\/2026\/03\/que-hacer-si-el-ascensor-se-queda-parado-300x200.jpg\" class=\"attachment-medium size-medium wp-image-20947\" alt=\"Want to know what to do if your lift gets stuck? This article will tell you. Elevator technicians in Palma de Mallorca. Contact us.\" srcset=\"https:\/\/elevabalear.com\/wp-content\/uploads\/2026\/03\/que-hacer-si-el-ascensor-se-queda-parado-300x200.jpg 300w, https:\/\/elevabalear.com\/wp-content\/uploads\/2026\/03\/que-hacer-si-el-ascensor-se-queda-parado-768x512.jpg 768w, https:\/\/elevabalear.com\/wp-content\/uploads\/2026\/03\/que-hacer-si-el-ascensor-se-queda-parado-18x12.jpg 18w, https:\/\/elevabalear.com\/wp-content\/uploads\/2026\/03\/que-hacer-si-el-ascensor-se-queda-parado.jpg 1000w\" sizes=\"(max-width: 300px) 100vw, 300px\" \/><\/div>\n\t\t<\/a>\n\t\t\t\t<div class=\"elementor-post__text\">\n\t\t\t\t<h2 class=\"elementor-post__title\">\n\t\t\t<a href=\"https:\/\/elevabalear.com\/en\/what-to-do-if-the-lift-stops\/\" >\n\t\t\t\tWhat to do if the lift stops?\t\t\t<\/a>\n\t\t<\/h2>\n\t\t\t\t<div class=\"elementor-post__excerpt\">\n\t\t\t<p>Being trapped in an elevator is a stressful, unsettling, and even frightening situation. While not common, it can happen in any building, especially those with elevators.<\/p>\n\t\t<\/div>\n\t\t\t\t\t<div class=\"elementor-post__read-more-wrapper\">\n\t\t\n\t\t<a class=\"elementor-post__read-more\" href=\"https:\/\/elevabalear.com\/en\/what-to-do-if-the-lift-stops\/\" aria-label=\"Read more about \u00bfQu\u00e9 Hacer si el Ascensor se Queda Parado?\" tabindex=\"-1\" >\n\t\t\tRead more \u00bb\t\t<\/a>\n\n\t\t\t\t\t<\/div>\n\t\t\t\t<\/div>\n\t\t\t\t<\/article>\n\t\t\t\t<article class=\"elementor-post elementor-grid-item post-20939 post type-post status-publish format-standard has-post-thumbnail hentry category-uncategorized entry has-media\" role=\"listitem\">\n\t\t\t\t<a class=\"elementor-post__thumbnail__link\" href=\"https:\/\/elevabalear.com\/en\/is-an-old-lift-safe\/\" tabindex=\"-1\" >\n\t\t\t<div class=\"elementor-post__thumbnail\"><img loading=\"lazy\" decoding=\"async\" width=\"300\" height=\"200\" src=\"https:\/\/elevabalear.com\/wp-content\/uploads\/2026\/03\/es-seguro-un-ascensor-antiguo-300x200.jpg\" class=\"attachment-medium size-medium wp-image-20941\" alt=\"Want to know if an older lift is safe? We&#039;ll explain it in this article. Lift specialists in Palma de Mallorca. Contact us.\" srcset=\"https:\/\/elevabalear.com\/wp-content\/uploads\/2026\/03\/es-seguro-un-ascensor-antiguo-300x200.jpg 300w, https:\/\/elevabalear.com\/wp-content\/uploads\/2026\/03\/es-seguro-un-ascensor-antiguo-768x512.jpg 768w, https:\/\/elevabalear.com\/wp-content\/uploads\/2026\/03\/es-seguro-un-ascensor-antiguo-18x12.jpg 18w, https:\/\/elevabalear.com\/wp-content\/uploads\/2026\/03\/es-seguro-un-ascensor-antiguo.jpg 1000w\" sizes=\"(max-width: 300px) 100vw, 300px\" \/><\/div>\n\t\t<\/a>\n\t\t\t\t<div class=\"elementor-post__text\">\n\t\t\t\t<h2 class=\"elementor-post__title\">\n\t\t\t<a href=\"https:\/\/elevabalear.com\/en\/is-an-old-lift-safe\/\" >\n\t\t\t\tIs an Old Lift Safe?\t\t\t<\/a>\n\t\t<\/h2>\n\t\t\t\t<div class=\"elementor-post__excerpt\">\n\t\t\t<p>The presence of old elevators in buildings in Mallorca, especially in properties built several decades ago, is very common. Many of these units continue to operate daily without apparent problems.<\/p>\n\t\t<\/div>\n\t\t\t\t\t<div class=\"elementor-post__read-more-wrapper\">\n\t\t\n\t\t<a class=\"elementor-post__read-more\" href=\"https:\/\/elevabalear.com\/en\/is-an-old-lift-safe\/\" aria-label=\"Read more about \u00bfEs Seguro un Ascensor Antiguo?\" tabindex=\"-1\" >\n\t\t\tRead more \u00bb\t\t<\/a>\n\n\t\t\t\t\t<\/div>\n\t\t\t\t<\/div>\n\t\t\t\t<\/article>\n\t\t\t\t<article class=\"elementor-post elementor-grid-item post-20888 post type-post status-publish format-standard has-post-thumbnail hentry category-uncategorized entry has-media\" role=\"listitem\">\n\t\t\t\t<a class=\"elementor-post__thumbnail__link\" href=\"https:\/\/elevabalear.com\/en\/what-are-the-dimensions-for-a-4-person-elevator\/\" tabindex=\"-1\" >\n\t\t\t<div class=\"elementor-post__thumbnail\"><img loading=\"lazy\" decoding=\"async\" width=\"300\" height=\"201\" src=\"https:\/\/elevabalear.com\/wp-content\/uploads\/2026\/01\/Medidas-para-un-Ascensor-de-4-Personas-300x201.jpg\" class=\"attachment-medium size-medium wp-image-20889\" alt=\"Measurements for a 4-person elevator: cabin, shaft, and door dimensions according to regulations. Practical guide for communities.\" srcset=\"https:\/\/elevabalear.com\/wp-content\/uploads\/2026\/01\/Medidas-para-un-Ascensor-de-4-Personas-300x201.jpg 300w, https:\/\/elevabalear.com\/wp-content\/uploads\/2026\/01\/Medidas-para-un-Ascensor-de-4-Personas-1024x685.jpg 1024w, https:\/\/elevabalear.com\/wp-content\/uploads\/2026\/01\/Medidas-para-un-Ascensor-de-4-Personas-768x514.jpg 768w, https:\/\/elevabalear.com\/wp-content\/uploads\/2026\/01\/Medidas-para-un-Ascensor-de-4-Personas-18x12.jpg 18w, https:\/\/elevabalear.com\/wp-content\/uploads\/2026\/01\/Medidas-para-un-Ascensor-de-4-Personas.jpg 1240w\" sizes=\"(max-width: 300px) 100vw, 300px\" \/><\/div>\n\t\t<\/a>\n\t\t\t\t<div class=\"elementor-post__text\">\n\t\t\t\t<h2 class=\"elementor-post__title\">\n\t\t\t<a href=\"https:\/\/elevabalear.com\/en\/what-are-the-dimensions-for-a-4-person-elevator\/\" >\n\t\t\t\tWhat are the dimensions for a 4-person lift?\t\t\t<\/a>\n\t\t<\/h2>\n\t\t\t\t<div class=\"elementor-post__excerpt\">\n\t\t\t<p>If you&#039;re considering installing an elevator, whether in a private home, an apartment building, or an older building, one of the first questions that will surely arise is...<\/p>\n\t\t<\/div>\n\t\t\t\t\t<div class=\"elementor-post__read-more-wrapper\">\n\t\t\n\t\t<a class=\"elementor-post__read-more\" href=\"https:\/\/elevabalear.com\/en\/what-are-the-dimensions-for-a-4-person-elevator\/\" aria-label=\"Read more about What are the dimensions for a 4-person elevator?\" tabindex=\"-1\" >\n\t\t\tRead more \u00bb\t\t<\/a>\n\n\t\t\t\t\t<\/div>\n\t\t\t\t<\/div>\n\t\t\t\t<\/article>\n\t\t\t\t<\/div>\n\t\t\n\t\t\t\t<div class=\"e-load-more-anchor\" data-page=\"1\" data-max-page=\"20\" data-next-page=\"https:\/\/elevabalear.com\/wp-json\/wp\/v2\/pages\/803\/page\/2\/\"><\/div>\n\t\t\t\t<nav class=\"elementor-pagination\" aria-label=\"Pagination\">\n\t\t\t<span class=\"page-numbers prev\">\u00ab Previous<\/span>\n<a class=\"page-numbers next\" href=\"https:\/\/elevabalear.com\/wp-json\/wp\/v2\/pages\/803\/page\/2\/\">Next \u00bb<\/a>\t\t<\/nav>\n\t\t\t\t\t\t<\/div>\n\t\t\t\t<\/div>\n\t\t\t\t\t<\/div>\n\t\t<\/div>\n\t\t\t\t\t<\/div>\n\t\t<\/section>\n\t\t\t\t<\/div>","protected":false},"excerpt":{"rendered":"<p>Blog Discover our blog where we explore the latest trends, technological innovations, industry knowledge, and expert perspectives on elevators and lifting systems.<\/p>","protected":false},"author":1,"featured_media":0,"parent":0,"menu_order":0,"comment_status":"closed","ping_status":"closed","template":"elementor_header_footer","meta":{"ocean_post_layout":"","ocean_both_sidebars_style":"","ocean_both_sidebars_content_width":0,"ocean_both_sidebars_sidebars_width":0,"ocean_sidebar":"","ocean_second_sidebar":"","ocean_disable_margins":"enable","ocean_add_body_class":"","ocean_shortcode_before_top_bar":"","ocean_shortcode_after_top_bar":"","ocean_shortcode_before_header":"","ocean_shortcode_after_header":"","ocean_has_shortcode":"","ocean_shortcode_after_title":"","ocean_shortcode_before_footer_widgets":"","ocean_shortcode_after_footer_widgets":"","ocean_shortcode_before_footer_bottom":"","ocean_shortcode_after_footer_bottom":"","ocean_display_top_bar":"default","ocean_display_header":"default","ocean_header_style":"","ocean_center_header_left_menu":"","ocean_custom_header_template":"","ocean_custom_logo":0,"ocean_custom_retina_logo":0,"ocean_custom_logo_max_width":0,"ocean_custom_logo_tablet_max_width":0,"ocean_custom_logo_mobile_max_width":0,"ocean_custom_logo_max_height":0,"ocean_custom_logo_tablet_max_height":0,"ocean_custom_logo_mobile_max_height":0,"ocean_header_custom_menu":"","ocean_menu_typo_font_family":"","ocean_menu_typo_font_subset":"","ocean_menu_typo_font_size":0,"ocean_menu_typo_font_size_tablet":0,"ocean_menu_typo_font_size_mobile":0,"ocean_menu_typo_font_size_unit":"px","ocean_menu_typo_font_weight":"","ocean_menu_typo_font_weight_tablet":"","ocean_menu_typo_font_weight_mobile":"","ocean_menu_typo_transform":"","ocean_menu_typo_transform_tablet":"","ocean_menu_typo_transform_mobile":"","ocean_menu_typo_line_height":0,"ocean_menu_typo_line_height_tablet":0,"ocean_menu_typo_line_height_mobile":0,"ocean_menu_typo_line_height_unit":"","ocean_menu_typo_spacing":0,"ocean_menu_typo_spacing_tablet":0,"ocean_menu_typo_spacing_mobile":0,"ocean_menu_typo_spacing_unit":"","ocean_menu_link_color":"","ocean_menu_link_color_hover":"","ocean_menu_link_color_active":"","ocean_menu_link_background":"","ocean_menu_link_hover_background":"","ocean_menu_link_active_background":"","ocean_menu_social_links_bg":"","ocean_menu_social_hover_links_bg":"","ocean_menu_social_links_color":"","ocean_menu_social_hover_links_color":"","ocean_disable_title":"default","ocean_disable_heading":"default","ocean_post_title":"","ocean_post_subheading":"","ocean_post_title_style":"","ocean_post_title_background_color":"","ocean_post_title_background":0,"ocean_post_title_bg_image_position":"","ocean_post_title_bg_image_attachment":"","ocean_post_title_bg_image_repeat":"","ocean_post_title_bg_image_size":"","ocean_post_title_height":0,"ocean_post_title_bg_overlay":0.5,"ocean_post_title_bg_overlay_color":"","ocean_disable_breadcrumbs":"default","ocean_breadcrumbs_color":"","ocean_breadcrumbs_separator_color":"","ocean_breadcrumbs_links_color":"","ocean_breadcrumbs_links_hover_color":"","ocean_display_footer_widgets":"default","ocean_display_footer_bottom":"default","ocean_custom_footer_template":"","footnotes":""},"class_list":["post-803","page","type-page","status-publish","hentry","entry","has-media"],"yoast_head":"<!-- This site is optimized with the Yoast SEO plugin v27.4 - https:\/\/yoast.com\/product\/yoast-seo-wordpress\/ -->\n<title>Blog - ELEVA Balear<\/title>\n<meta name=\"description\" content=\"Descubre m\u00e1s acerca de la movilidad vertical: tecnolog\u00eda, conocimiento, dise\u00f1o y consejos expertos acerca de este apasionante sector.\" \/>\n<meta name=\"robots\" content=\"index, follow, max-snippet:-1, max-image-preview:large, max-video-preview:-1\" \/>\n<link rel=\"canonical\" href=\"https:\/\/elevabalear.com\/en\/blog\/\" \/>\n<meta property=\"og:locale\" content=\"en_GB\" \/>\n<meta property=\"og:type\" content=\"article\" \/>\n<meta property=\"og:title\" content=\"Blog - ELEVA Balear\" \/>\n<meta property=\"og:description\" content=\"Descubre m\u00e1s acerca de la movilidad vertical: tecnolog\u00eda, conocimiento, dise\u00f1o y consejos expertos acerca de este apasionante sector.\" \/>\n<meta property=\"og:url\" content=\"https:\/\/elevabalear.com\/en\/blog\/\" \/>\n<meta property=\"og:site_name\" content=\"ELEVA Balear\" \/>\n<meta property=\"article:modified_time\" content=\"2025-09-10T12:21:44+00:00\" \/>\n<meta name=\"twitter:card\" content=\"summary_large_image\" \/>\n<meta name=\"twitter:label1\" content=\"Estimated reading time\" \/>\n\t<meta name=\"twitter:data1\" content=\"5 minutes\" \/>\n<!-- \/ Yoast SEO plugin. -->","yoast_head_json":{"title":"Blog - ELEVA Balear","description":"Find out more about vertical mobility: technology, knowledge, design and expert advice about this exciting sector.","robots":{"index":"index","follow":"follow","max-snippet":"max-snippet:-1","max-image-preview":"max-image-preview:large","max-video-preview":"max-video-preview:-1"},"canonical":"https:\/\/elevabalear.com\/en\/blog\/","og_locale":"en_GB","og_type":"article","og_title":"Blog - ELEVA Balear","og_description":"Descubre m\u00e1s acerca de la movilidad vertical: tecnolog\u00eda, conocimiento, dise\u00f1o y consejos expertos acerca de este apasionante sector.","og_url":"https:\/\/elevabalear.com\/en\/blog\/","og_site_name":"ELEVA Balear","article_modified_time":"2025-09-10T12:21:44+00:00","twitter_card":"summary_large_image","twitter_misc":{"Estimated reading time":"5 minutes"},"schema":{"@context":"https:\/\/schema.org","@graph":[{"@type":"WebPage","@id":"https:\/\/elevabalear.com\/blog\/","url":"https:\/\/elevabalear.com\/blog\/","name":"Blog - ELEVA Balear","isPartOf":{"@id":"https:\/\/elevabalear.com\/#website"},"datePublished":"2023-10-26T16:07:47+00:00","dateModified":"2025-09-10T12:21:44+00:00","description":"Find out more about vertical mobility: technology, knowledge, design and expert advice about this exciting sector.","breadcrumb":{"@id":"https:\/\/elevabalear.com\/blog\/#breadcrumb"},"inLanguage":"en-GB","potentialAction":[{"@type":"ReadAction","target":["https:\/\/elevabalear.com\/blog\/"]}]},{"@type":"BreadcrumbList","@id":"https:\/\/elevabalear.com\/blog\/#breadcrumb","itemListElement":[{"@type":"ListItem","position":1,"name":"Portada","item":"https:\/\/elevabalear.com\/"},{"@type":"ListItem","position":2,"name":"Blog"}]},{"@type":"WebSite","@id":"https:\/\/elevabalear.com\/#website","url":"https:\/\/elevabalear.com\/","name":"ELEVA Balear","description":"Installation, Maintenance and Repair of Lifts in the Balearic Islands","publisher":{"@id":"https:\/\/elevabalear.com\/#organization"},"potentialAction":[{"@type":"SearchAction","target":{"@type":"EntryPoint","urlTemplate":"https:\/\/elevabalear.com\/?s={search_term_string}"},"query-input":{"@type":"PropertyValueSpecification","valueRequired":true,"valueName":"search_term_string"}}],"inLanguage":"en-GB"},{"@type":"Organization","@id":"https:\/\/elevabalear.com\/#organization","name":"ELEVA Balear","url":"https:\/\/elevabalear.com\/","logo":{"@type":"ImageObject","inLanguage":"en-GB","@id":"https:\/\/elevabalear.com\/#\/schema\/logo\/image\/","url":"https:\/\/elevabalear.com\/wp-content\/uploads\/2023\/10\/c56d09ec-0f5c-4f55-a956-5a80c7d26770.png","contentUrl":"https:\/\/elevabalear.com\/wp-content\/uploads\/2023\/10\/c56d09ec-0f5c-4f55-a956-5a80c7d26770.png","width":1410,"height":213,"caption":"ELEVA Balear"},"image":{"@id":"https:\/\/elevabalear.com\/#\/schema\/logo\/image\/"}}]}},"_links":{"self":[{"href":"https:\/\/elevabalear.com\/en\/wp-json\/wp\/v2\/pages\/803","targetHints":{"allow":["GET"]}}],"collection":[{"href":"https:\/\/elevabalear.com\/en\/wp-json\/wp\/v2\/pages"}],"about":[{"href":"https:\/\/elevabalear.com\/en\/wp-json\/wp\/v2\/types\/page"}],"author":[{"embeddable":true,"href":"https:\/\/elevabalear.com\/en\/wp-json\/wp\/v2\/users\/1"}],"replies":[{"embeddable":true,"href":"https:\/\/elevabalear.com\/en\/wp-json\/wp\/v2\/comments?post=803"}],"version-history":[{"count":94,"href":"https:\/\/elevabalear.com\/en\/wp-json\/wp\/v2\/pages\/803\/revisions"}],"predecessor-version":[{"id":20540,"href":"https:\/\/elevabalear.com\/en\/wp-json\/wp\/v2\/pages\/803\/revisions\/20540"}],"wp:attachment":[{"href":"https:\/\/elevabalear.com\/en\/wp-json\/wp\/v2\/media?parent=803"}],"curies":[{"name":"wp","href":"https:\/\/api.w.org\/{rel}","templated":true}]}}