{"id":14827,"date":"2025-04-04T12:00:52","date_gmt":"2025-04-04T12:00:52","guid":{"rendered":"https:\/\/duxmarketingdigital.com\/?page_id=14827"},"modified":"2025-09-16T16:52:46","modified_gmt":"2025-09-16T14:52:46","slug":"lift-repair-and-modernisation-service","status":"publish","type":"page","link":"https:\/\/elevabalear.com\/en\/lift-repair-and-modernisation-service\/","title":{"rendered":"Lift Repair and Modernisation Service"},"content":{"rendered":"<div data-elementor-type=\"wp-page\" data-elementor-id=\"14827\" class=\"elementor elementor-14827\" data-elementor-post-type=\"page\">\n\t\t\t\t<div data-particle_enable=\"false\" data-particle-mobile-disabled=\"false\" class=\"elementor-element elementor-element-db38dd5 e-flex e-con-boxed e-con e-parent\" data-id=\"db38dd5\" data-element_type=\"container\" data-e-type=\"container\" data-settings=\"{&quot;background_background&quot;:&quot;classic&quot;}\">\n\t\t\t\t\t<div class=\"e-con-inner\">\n\t\t<div data-particle_enable=\"false\" data-particle-mobile-disabled=\"false\" class=\"elementor-element elementor-element-6e06cf8 e-con-full e-flex e-con e-child\" data-id=\"6e06cf8\" data-element_type=\"container\" data-e-type=\"container\">\n\t\t\t\t<div class=\"elementor-element elementor-element-fb42d29 elementor-invisible elementor-widget elementor-widget-heading\" data-id=\"fb42d29\" data-element_type=\"widget\" data-e-type=\"widget\" data-settings=\"{&quot;_animation&quot;:&quot;fadeInUp&quot;}\" data-widget_type=\"heading.default\">\n\t\t\t\t<div class=\"elementor-widget-container\">\n\t\t\t\t\t<h1 class=\"elementor-heading-title elementor-size-default\">Repair and Modernisation of Lifts in the Balearic Islands<\/h1>\t\t\t\t<\/div>\n\t\t\t\t<\/div>\n\t\t\t\t<div class=\"elementor-element elementor-element-83fa082 elementor-invisible elementor-widget elementor-widget-text-editor\" data-id=\"83fa082\" data-element_type=\"widget\" data-e-type=\"widget\" data-settings=\"{&quot;_animation&quot;:&quot;fadeInUp&quot;}\" data-widget_type=\"text-editor.default\">\n\t\t\t\t<div class=\"elementor-widget-container\">\n\t\t\t\t\t\t\t\t\t<p>With over two decades of experience in lift repair and modernization in the Balearic Islands, our team of experts is dedicated to ensuring your lift operates with maximum efficiency, safety, and reliability.<\/p>\t\t\t\t\t\t\t\t<\/div>\n\t\t\t\t<\/div>\n\t\t\t\t<div class=\"elementor-element elementor-element-3713c903 elementor-invisible elementor-widget elementor-widget-button\" data-id=\"3713c903\" data-element_type=\"widget\" data-e-type=\"widget\" data-settings=\"{&quot;_animation&quot;:&quot;fadeInUp&quot;}\" data-widget_type=\"button.default\">\n\t\t\t\t<div class=\"elementor-widget-container\">\n\t\t\t\t\t\t\t\t\t<div class=\"elementor-button-wrapper\">\n\t\t\t\t\t<a class=\"elementor-button elementor-button-link elementor-size-sm\" href=\"https:\/\/elevabalear.com\/en\/contact\/\">\n\t\t\t\t\t\t<span class=\"elementor-button-content-wrapper\">\n\t\t\t\t\t\t<span class=\"elementor-button-icon\">\n\t\t\t\t<i aria-hidden=\"true\" class=\"jki jki-arrow-right-light\"><\/i>\t\t\t<\/span>\n\t\t\t\t\t\t\t\t\t<span class=\"elementor-button-text\">I want to be a client<\/span>\n\t\t\t\t\t<\/span>\n\t\t\t\t\t<\/a>\n\t\t\t\t<\/div>\n\t\t\t\t\t\t\t\t<\/div>\n\t\t\t\t<\/div>\n\t\t\t\t<\/div>\n\t\t<div data-particle_enable=\"false\" data-particle-mobile-disabled=\"false\" class=\"elementor-element elementor-element-5c9c92a e-con-full e-flex e-con e-child\" data-id=\"5c9c92a\" data-element_type=\"container\" data-e-type=\"container\">\n\t\t\t\t<div class=\"elementor-element elementor-element-34050fc elementor-widget elementor-widget-image-carousel\" data-id=\"34050fc\" data-element_type=\"widget\" data-e-type=\"widget\" data-settings=\"{&quot;slides_to_show&quot;:&quot;1&quot;,&quot;navigation&quot;:&quot;none&quot;,&quot;autoplay_speed&quot;:2000,&quot;autoplay&quot;:&quot;yes&quot;,&quot;infinite&quot;:&quot;yes&quot;,&quot;effect&quot;:&quot;slide&quot;,&quot;speed&quot;:500}\" data-widget_type=\"image-carousel.default\">\n\t\t\t\t<div class=\"elementor-widget-container\">\n\t\t\t\t\t\t\t<div class=\"elementor-image-carousel-wrapper swiper\" role=\"region\" aria-roledescription=\"carousel\" aria-label=\"Image carousel\" dir=\"ltr\">\n\t\t\t<div class=\"elementor-image-carousel swiper-wrapper\" aria-live=\"off\">\n\t\t\t\t\t\t\t\t<div class=\"swiper-slide\" role=\"group\" aria-roledescription=\"slide\" aria-label=\"1 de 1\" data-no-translation-aria-label=\"\"><figure class=\"swiper-slide-inner\"><img decoding=\"async\" class=\"swiper-slide-image\" src=\"https:\/\/elevabalear.com\/wp-content\/uploads\/elementor\/thumbs\/Reparacion-y-Modernizacion-de-Ascensores-en-Baleares-1-ra5ftcrb906piqp8l6oei5uy8g5uimqzy5wvjqgw5u.jpg\" alt=\"We offer a fast and efficient repair service, available 24\/7. Our technicians are ready to solve any problem, ensuring your lift is back up and running properly in the shortest possible time.\" \/><\/figure><\/div>\t\t\t<\/div>\n\t\t\t\t\t<\/div>\n\t\t\t\t\t\t<\/div>\n\t\t\t\t<\/div>\n\t\t\t\t<\/div>\n\t\t\t\t\t<\/div>\n\t\t\t\t<\/div>\n\t\t<div data-particle_enable=\"false\" data-particle-mobile-disabled=\"false\" class=\"elementor-element elementor-element-cd3a374 e-flex e-con-boxed e-con e-parent\" data-id=\"cd3a374\" data-element_type=\"container\" data-e-type=\"container\" data-settings=\"{&quot;background_background&quot;:&quot;classic&quot;}\">\n\t\t\t\t\t<div class=\"e-con-inner\">\n\t\t<div data-particle_enable=\"false\" data-particle-mobile-disabled=\"false\" class=\"elementor-element elementor-element-a99b3da e-con-full e-flex e-con e-child\" data-id=\"a99b3da\" data-element_type=\"container\" data-e-type=\"container\">\n\t\t\t\t<div class=\"elementor-element elementor-element-4d29e40 elementor-icon-list--layout-traditional elementor-list-item-link-full_width elementor-widget elementor-widget-icon-list\" data-id=\"4d29e40\" data-element_type=\"widget\" data-e-type=\"widget\" data-settings=\"{&quot;_animation&quot;:&quot;none&quot;}\" data-widget_type=\"icon-list.default\">\n\t\t\t\t<div class=\"elementor-widget-container\">\n\t\t\t\t\t\t\t<ul class=\"elementor-icon-list-items\">\n\t\t\t\t\t\t\t<li class=\"elementor-icon-list-item\">\n\t\t\t\t\t\t\t\t\t\t\t<span class=\"elementor-icon-list-icon\">\n\t\t\t\t\t\t\t<i aria-hidden=\"true\" class=\"fas fa-angle-right\"><\/i>\t\t\t\t\t\t<\/span>\n\t\t\t\t\t\t\t\t\t\t<span class=\"elementor-icon-list-text\">Lift Specialists in the Balearic Islands<\/span>\n\t\t\t\t\t\t\t\t\t<\/li>\n\t\t\t\t\t\t<\/ul>\n\t\t\t\t\t\t<\/div>\n\t\t\t\t<\/div>\n\t\t\t\t<div class=\"elementor-element elementor-element-bdae96b elementor-widget elementor-widget-heading\" data-id=\"bdae96b\" data-element_type=\"widget\" data-e-type=\"widget\" data-settings=\"{&quot;_animation&quot;:&quot;none&quot;}\" data-widget_type=\"heading.default\">\n\t\t\t\t<div class=\"elementor-widget-container\">\n\t\t\t\t\t<h2 class=\"elementor-heading-title elementor-size-default\">Working Together to Make Your Life More Comfortable.<\/h2>\t\t\t\t<\/div>\n\t\t\t\t<\/div>\n\t\t\t\t<\/div>\n\t\t<div data-particle_enable=\"false\" data-particle-mobile-disabled=\"false\" class=\"elementor-element elementor-element-da71aa5 e-con-full e-flex e-con e-child\" data-id=\"da71aa5\" data-element_type=\"container\" data-e-type=\"container\">\n\t\t\t\t<div class=\"elementor-element elementor-element-6d59281 elementor-widget elementor-widget-text-editor\" data-id=\"6d59281\" data-element_type=\"widget\" data-e-type=\"widget\" data-settings=\"{&quot;_animation&quot;:&quot;none&quot;}\" data-widget_type=\"text-editor.default\">\n\t\t\t\t<div class=\"elementor-widget-container\">\n\t\t\t\t\t\t\t\t\t<p>ELEVA Balear is your reliable partner in the repair and modernisation of lifts in the Balearic Islands. We understand how vital it is for you to keep your vertical mobility system in optimal condition, both for safety and comfort. That's why we are here to offer you customised solutions that not only meet your specific needs but also exceed your expectations.<\/p><p>We are committed to offering you a complete range of lift services, specialising in the repair and modernisation of lifts in the Balearic Islands. Each of our services is designed to cover all your vertical mobility needs, guaranteeing safety, efficiency and comfort. Find out how we can help you improve your lifting experience.<\/p>\t\t\t\t\t\t\t\t<\/div>\n\t\t\t\t<\/div>\n\t\t\t\t<div class=\"elementor-element elementor-element-ff43922 elementor-widget elementor-widget-button\" data-id=\"ff43922\" data-element_type=\"widget\" data-e-type=\"widget\" data-settings=\"{&quot;_animation&quot;:&quot;none&quot;}\" data-widget_type=\"button.default\">\n\t\t\t\t<div class=\"elementor-widget-container\">\n\t\t\t\t\t\t\t\t\t<div class=\"elementor-button-wrapper\">\n\t\t\t\t\t<a class=\"elementor-button elementor-button-link elementor-size-sm\" href=\"https:\/\/elevabalear.com\/en\/contact\/\">\n\t\t\t\t\t\t<span class=\"elementor-button-content-wrapper\">\n\t\t\t\t\t\t<span class=\"elementor-button-icon\">\n\t\t\t\t<i aria-hidden=\"true\" class=\"jki jki-arrow-right-light\"><\/i>\t\t\t<\/span>\n\t\t\t\t\t\t\t\t\t<span class=\"elementor-button-text\">I want to be a client<\/span>\n\t\t\t\t\t<\/span>\n\t\t\t\t\t<\/a>\n\t\t\t\t<\/div>\n\t\t\t\t\t\t\t\t<\/div>\n\t\t\t\t<\/div>\n\t\t\t\t<\/div>\n\t\t\t\t\t<\/div>\n\t\t\t\t<\/div>\n\t\t<div data-particle_enable=\"false\" data-particle-mobile-disabled=\"false\" class=\"elementor-element elementor-element-b622c36 e-flex e-con-boxed e-con e-parent\" data-id=\"b622c36\" data-element_type=\"container\" data-e-type=\"container\">\n\t\t\t\t\t<div class=\"e-con-inner\">\n\t\t<div data-particle_enable=\"false\" data-particle-mobile-disabled=\"false\" class=\"elementor-element elementor-element-db8e28f e-con-full e-flex e-con e-child\" data-id=\"db8e28f\" data-element_type=\"container\" data-e-type=\"container\" data-settings=\"{&quot;background_background&quot;:&quot;classic&quot;}\">\n\t\t<div data-particle_enable=\"false\" data-particle-mobile-disabled=\"false\" class=\"elementor-element elementor-element-b5a00fb e-grid e-con-full e-con e-child\" data-id=\"b5a00fb\" data-element_type=\"container\" data-e-type=\"container\">\n\t\t<div data-particle_enable=\"false\" data-particle-mobile-disabled=\"false\" class=\"elementor-element elementor-element-a9fa758 e-con-full e-flex e-con e-child\" data-id=\"a9fa758\" data-element_type=\"container\" data-e-type=\"container\" data-settings=\"{&quot;background_background&quot;:&quot;classic&quot;,&quot;animation&quot;:&quot;none&quot;}\">\n\t\t\t\t<div class=\"elementor-element elementor-element-d839838 elementor-widget elementor-widget-icon-box\" data-id=\"d839838\" data-element_type=\"widget\" data-e-type=\"widget\" data-widget_type=\"icon-box.default\">\n\t\t\t\t<div class=\"elementor-widget-container\">\n\t\t\t\t\t\t\t<div class=\"elementor-icon-box-wrapper\">\n\n\t\t\t\n\t\t\t\t\t\t<div class=\"elementor-icon-box-content\">\n\n\t\t\t\t\t\t\t\t\t<h3 class=\"elementor-icon-box-title\">\n\t\t\t\t\t\t<span  >\n\t\t\t\t\t\t\t+ 1.000\t\t\t\t\t\t<\/span>\n\t\t\t\t\t<\/h3>\n\t\t\t\t\n\t\t\t\t\t\t\t\t\t<p class=\"elementor-icon-box-description\">\n\t\t\t\t\t\tRepaired Breakdowns\t\t\t\t\t<\/p>\n\t\t\t\t\n\t\t\t<\/div>\n\t\t\t\n\t\t<\/div>\n\t\t\t\t\t\t<\/div>\n\t\t\t\t<\/div>\n\t\t\t\t<\/div>\n\t\t<div data-particle_enable=\"false\" data-particle-mobile-disabled=\"false\" class=\"elementor-element elementor-element-1656d8c e-con-full e-flex e-con e-child\" data-id=\"1656d8c\" data-element_type=\"container\" data-e-type=\"container\" data-settings=\"{&quot;background_background&quot;:&quot;classic&quot;,&quot;animation&quot;:&quot;none&quot;,&quot;animation_delay&quot;:200}\">\n\t\t\t\t<div class=\"elementor-element elementor-element-13685bb elementor-widget elementor-widget-icon-box\" data-id=\"13685bb\" data-element_type=\"widget\" data-e-type=\"widget\" data-widget_type=\"icon-box.default\">\n\t\t\t\t<div class=\"elementor-widget-container\">\n\t\t\t\t\t\t\t<div class=\"elementor-icon-box-wrapper\">\n\n\t\t\t\n\t\t\t\t\t\t<div class=\"elementor-icon-box-content\">\n\n\t\t\t\t\t\t\t\t\t<h3 class=\"elementor-icon-box-title\">\n\t\t\t\t\t\t<span  >\n\t\t\t\t\t\t\t99%\t\t\t\t\t\t<\/span>\n\t\t\t\t\t<\/h3>\n\t\t\t\t\n\t\t\t\t\t\t\t\t\t<p class=\"elementor-icon-box-description\">\n\t\t\t\t\t\tSatisfied Customers\t\t\t\t\t<\/p>\n\t\t\t\t\n\t\t\t<\/div>\n\t\t\t\n\t\t<\/div>\n\t\t\t\t\t\t<\/div>\n\t\t\t\t<\/div>\n\t\t\t\t<\/div>\n\t\t\t\t<\/div>\n\t\t\t\t<\/div>\n\t\t\t\t\t<\/div>\n\t\t\t\t<\/div>\n\t\t<div data-particle_enable=\"false\" data-particle-mobile-disabled=\"false\" class=\"elementor-element elementor-element-5b6b30b e-flex e-con-boxed e-con e-parent\" data-id=\"5b6b30b\" data-element_type=\"container\" data-e-type=\"container\" data-settings=\"{&quot;background_background&quot;:&quot;classic&quot;}\">\n\t\t\t\t\t<div class=\"e-con-inner\">\n\t\t\t\t<div class=\"elementor-element elementor-element-ecb1190 elementor-align-start elementor-mobile-align-start elementor-icon-list--layout-traditional elementor-list-item-link-full_width elementor-widget elementor-widget-icon-list\" data-id=\"ecb1190\" data-element_type=\"widget\" data-e-type=\"widget\" data-settings=\"{&quot;_animation&quot;:&quot;none&quot;}\" data-widget_type=\"icon-list.default\">\n\t\t\t\t<div class=\"elementor-widget-container\">\n\t\t\t\t\t\t\t<ul class=\"elementor-icon-list-items\">\n\t\t\t\t\t\t\t<li class=\"elementor-icon-list-item\">\n\t\t\t\t\t\t\t\t\t\t\t<span class=\"elementor-icon-list-icon\">\n\t\t\t\t\t\t\t<i aria-hidden=\"true\" class=\"fas fa-angle-right\"><\/i>\t\t\t\t\t\t<\/span>\n\t\t\t\t\t\t\t\t\t\t<span class=\"elementor-icon-list-text\">Our Services<\/span>\n\t\t\t\t\t\t\t\t\t<\/li>\n\t\t\t\t\t\t<\/ul>\n\t\t\t\t\t\t<\/div>\n\t\t\t\t<\/div>\n\t\t\t\t\t<\/div>\n\t\t\t\t<\/div>\n\t\t<div data-particle_enable=\"false\" data-particle-mobile-disabled=\"false\" class=\"elementor-element elementor-element-17128f58 e-flex e-con-boxed e-con e-parent\" data-id=\"17128f58\" data-element_type=\"container\" data-e-type=\"container\" data-settings=\"{&quot;background_background&quot;:&quot;classic&quot;}\">\n\t\t\t\t\t<div class=\"e-con-inner\">\n\t\t<div data-particle_enable=\"false\" data-particle-mobile-disabled=\"false\" class=\"elementor-element elementor-element-7e1d6150 e-con-full e-flex e-con e-child\" data-id=\"7e1d6150\" data-element_type=\"container\" data-e-type=\"container\">\n\t\t\t\t<div class=\"elementor-element elementor-element-7197f494 elementor-widget-mobile__width-inherit elementor-widget elementor-widget-heading\" data-id=\"7197f494\" data-element_type=\"widget\" data-e-type=\"widget\" data-settings=\"{&quot;_animation&quot;:&quot;none&quot;}\" data-widget_type=\"heading.default\">\n\t\t\t\t<div class=\"elementor-widget-container\">\n\t\t\t\t\t<h3 class=\"elementor-heading-title elementor-size-default\">Lift Repairs\n<\/h3>\t\t\t\t<\/div>\n\t\t\t\t<\/div>\n\t\t\t\t<div class=\"elementor-element elementor-element-1cf9be40 elementor-widget elementor-widget-text-editor\" data-id=\"1cf9be40\" data-element_type=\"widget\" data-e-type=\"widget\" data-settings=\"{&quot;_animation&quot;:&quot;none&quot;}\" data-widget_type=\"text-editor.default\">\n\t\t\t\t<div class=\"elementor-widget-container\">\n\t\t\t\t\t\t\t\t\t<p>We offer a fast and efficient repair service, available 24\/7. Our technicians are ready to solve any problem, ensuring your lift is back up and running properly in the shortest possible time.<\/p>\t\t\t\t\t\t\t\t<\/div>\n\t\t\t\t<\/div>\n\t\t\t\t<div class=\"elementor-element elementor-element-32b9511 elementor-widget elementor-widget-button\" data-id=\"32b9511\" data-element_type=\"widget\" data-e-type=\"widget\" data-settings=\"{&quot;_animation&quot;:&quot;none&quot;}\" data-widget_type=\"button.default\">\n\t\t\t\t<div class=\"elementor-widget-container\">\n\t\t\t\t\t\t\t\t\t<div class=\"elementor-button-wrapper\">\n\t\t\t\t\t<a class=\"elementor-button elementor-button-link elementor-size-sm\" href=\"https:\/\/elevabalear.com\/en\/contact\/\">\n\t\t\t\t\t\t<span class=\"elementor-button-content-wrapper\">\n\t\t\t\t\t\t<span class=\"elementor-button-icon\">\n\t\t\t\t<i aria-hidden=\"true\" class=\"jki jki-arrow-right-light\"><\/i>\t\t\t<\/span>\n\t\t\t\t\t\t\t\t\t<span class=\"elementor-button-text\">I want to be a client<\/span>\n\t\t\t\t\t<\/span>\n\t\t\t\t\t<\/a>\n\t\t\t\t<\/div>\n\t\t\t\t\t\t\t\t<\/div>\n\t\t\t\t<\/div>\n\t\t\t\t<\/div>\n\t\t<div data-particle_enable=\"false\" data-particle-mobile-disabled=\"false\" class=\"elementor-element elementor-element-a0e5758 e-con-full e-flex e-con e-child\" data-id=\"a0e5758\" data-element_type=\"container\" data-e-type=\"container\">\n\t\t\t\t<div class=\"elementor-element elementor-element-babdd32 elementor-widget-mobile__width-inherit elementor-widget elementor-widget-heading\" data-id=\"babdd32\" data-element_type=\"widget\" data-e-type=\"widget\" data-settings=\"{&quot;_animation&quot;:&quot;none&quot;}\" data-widget_type=\"heading.default\">\n\t\t\t\t<div class=\"elementor-widget-container\">\n\t\t\t\t\t<h3 class=\"elementor-heading-title elementor-size-default\">Lift Modernisation<\/h3>\t\t\t\t<\/div>\n\t\t\t\t<\/div>\n\t\t\t\t<div class=\"elementor-element elementor-element-69d9d31 elementor-widget elementor-widget-text-editor\" data-id=\"69d9d31\" data-element_type=\"widget\" data-e-type=\"widget\" data-settings=\"{&quot;_animation&quot;:&quot;none&quot;}\" data-widget_type=\"text-editor.default\">\n\t\t\t\t<div class=\"elementor-widget-container\">\n\t\t\t\t\t\t\t\t\t<p>We modernize your lift to improve its efficiency, safety, and aesthetics. We evaluate your system and propose the most appropriate solutions, from technical upgrades to complete renovations.<\/p>\t\t\t\t\t\t\t\t<\/div>\n\t\t\t\t<\/div>\n\t\t\t\t<div class=\"elementor-element elementor-element-cdd8d38 elementor-widget elementor-widget-button\" data-id=\"cdd8d38\" data-element_type=\"widget\" data-e-type=\"widget\" data-settings=\"{&quot;_animation&quot;:&quot;none&quot;}\" data-widget_type=\"button.default\">\n\t\t\t\t<div class=\"elementor-widget-container\">\n\t\t\t\t\t\t\t\t\t<div class=\"elementor-button-wrapper\">\n\t\t\t\t\t<a class=\"elementor-button elementor-button-link elementor-size-sm\" href=\"https:\/\/elevabalear.com\/en\/contact\/\">\n\t\t\t\t\t\t<span class=\"elementor-button-content-wrapper\">\n\t\t\t\t\t\t<span class=\"elementor-button-icon\">\n\t\t\t\t<i aria-hidden=\"true\" class=\"jki jki-arrow-right-light\"><\/i>\t\t\t<\/span>\n\t\t\t\t\t\t\t\t\t<span class=\"elementor-button-text\">I want to be a client<\/span>\n\t\t\t\t\t<\/span>\n\t\t\t\t\t<\/a>\n\t\t\t\t<\/div>\n\t\t\t\t\t\t\t\t<\/div>\n\t\t\t\t<\/div>\n\t\t\t\t<\/div>\n\t\t\t\t\t<\/div>\n\t\t\t\t<\/div>\n\t\t<div data-particle_enable=\"false\" data-particle-mobile-disabled=\"false\" class=\"elementor-element elementor-element-f8176fc e-flex e-con-boxed e-con e-parent\" data-id=\"f8176fc\" data-element_type=\"container\" data-e-type=\"container\" data-settings=\"{&quot;background_background&quot;:&quot;classic&quot;}\">\n\t\t\t\t\t<div class=\"e-con-inner\">\n\t\t<div data-particle_enable=\"false\" data-particle-mobile-disabled=\"false\" class=\"elementor-element elementor-element-6475ad4 e-con-full e-flex e-con e-child\" data-id=\"6475ad4\" data-element_type=\"container\" data-e-type=\"container\">\n\t\t\t\t<div class=\"elementor-element elementor-element-354903f elementor-widget elementor-widget-image\" data-id=\"354903f\" data-element_type=\"widget\" data-e-type=\"widget\" data-widget_type=\"image.default\">\n\t\t\t\t<div class=\"elementor-widget-container\">\n\t\t\t\t\t\t\t\t\t\t\t\t\t\t\t<img fetchpriority=\"high\" decoding=\"async\" width=\"683\" height=\"1024\" src=\"https:\/\/elevabalear.com\/wp-content\/uploads\/2025\/04\/reparacion-modernizacion-ascensores-baleares-683x1024-1.jpg\" class=\"attachment-full size-full wp-image-14830\" alt=\"Elevator repair and modernization with Eleva Balear. Your trusted partner.\" srcset=\"https:\/\/elevabalear.com\/wp-content\/uploads\/2025\/04\/reparacion-modernizacion-ascensores-baleares-683x1024-1.jpg 683w, https:\/\/elevabalear.com\/wp-content\/uploads\/2025\/04\/reparacion-modernizacion-ascensores-baleares-683x1024-1-200x300.jpg 200w, https:\/\/elevabalear.com\/wp-content\/uploads\/2025\/04\/reparacion-modernizacion-ascensores-baleares-683x1024-1-8x12.jpg 8w\" sizes=\"(max-width: 683px) 100vw, 683px\" \/>\t\t\t\t\t\t\t\t\t\t\t\t\t\t\t<\/div>\n\t\t\t\t<\/div>\n\t\t\t\t<\/div>\n\t\t<div data-particle_enable=\"false\" data-particle-mobile-disabled=\"false\" class=\"elementor-element elementor-element-483c249 e-con-full e-flex e-con e-child\" data-id=\"483c249\" data-element_type=\"container\" data-e-type=\"container\">\n\t\t\t\t<div class=\"elementor-element elementor-element-e1f69ef elementor-icon-list--layout-traditional elementor-list-item-link-full_width elementor-widget elementor-widget-icon-list\" data-id=\"e1f69ef\" data-element_type=\"widget\" data-e-type=\"widget\" data-settings=\"{&quot;_animation&quot;:&quot;none&quot;}\" data-widget_type=\"icon-list.default\">\n\t\t\t\t<div class=\"elementor-widget-container\">\n\t\t\t\t\t\t\t<ul class=\"elementor-icon-list-items\">\n\t\t\t\t\t\t\t<li class=\"elementor-icon-list-item\">\n\t\t\t\t\t\t\t\t\t\t\t<span class=\"elementor-icon-list-icon\">\n\t\t\t\t\t\t\t<i aria-hidden=\"true\" class=\"fas fa-angle-right\"><\/i>\t\t\t\t\t\t<\/span>\n\t\t\t\t\t\t\t\t\t\t<span class=\"elementor-icon-list-text\">Your Satisfaction, Our Priority<\/span>\n\t\t\t\t\t\t\t\t\t<\/li>\n\t\t\t\t\t\t<\/ul>\n\t\t\t\t\t\t<\/div>\n\t\t\t\t<\/div>\n\t\t\t\t<div class=\"elementor-element elementor-element-0f27991 elementor-widget elementor-widget-heading\" data-id=\"0f27991\" data-element_type=\"widget\" data-e-type=\"widget\" data-settings=\"{&quot;_animation&quot;:&quot;none&quot;}\" data-widget_type=\"heading.default\">\n\t\t\t\t<div class=\"elementor-widget-container\">\n\t\t\t\t\t<h2 class=\"elementor-heading-title elementor-size-default\">Why Choose Eleva Balear<\/h2>\t\t\t\t<\/div>\n\t\t\t\t<\/div>\n\t\t\t\t<div class=\"elementor-element elementor-element-1fa53c1 elementor-widget elementor-widget-text-editor\" data-id=\"1fa53c1\" data-element_type=\"widget\" data-e-type=\"widget\" data-settings=\"{&quot;_animation&quot;:&quot;none&quot;}\" data-widget_type=\"text-editor.default\">\n\t\t\t\t<div class=\"elementor-widget-container\">\n\t\t\t\t\t\t\t\t\t<p>When it comes to lift repair and modernization in the Balearic Islands, ELEVA Balear stands out as your best option. Here's why choosing us is the right decision for you and your project:<\/p><p><strong>Commitment to Quality and Safety<\/strong><br \/>At ELEVA Balear, safety is non-negotiable. We are committed to offering you services that not only comply with the most stringent safety regulations, but also raise the standard of quality in every intervention. We use the best quality components to guarantee the optimal and safe operation of your lift in the long term.<\/p><p><strong>Tailor-made solutions<\/strong><br \/>We understand that every customer is unique, which is why we tailor our repair and modernisation solutions to your specific needs. From planning to execution, we customise our services to ensure they meet your expectations and those of your project, providing you with a solution that fits perfectly.<\/p><p><strong>State-of-the-art technology<\/strong><br \/>We pride ourselves on incorporating the latest technology into our projects. Our focus on innovation allows us to offer you more efficient, safe and comfortable lifts. With ELEVA Balear, your lift will be equipped with the latest in vertical mobility technology, guaranteeing a cutting-edge service that makes the difference.<\/p>\t\t\t\t\t\t\t\t<\/div>\n\t\t\t\t<\/div>\n\t\t\t\t<div class=\"elementor-element elementor-element-3b144e28 elementor-widget elementor-widget-button\" data-id=\"3b144e28\" data-element_type=\"widget\" data-e-type=\"widget\" data-settings=\"{&quot;_animation&quot;:&quot;none&quot;}\" data-widget_type=\"button.default\">\n\t\t\t\t<div class=\"elementor-widget-container\">\n\t\t\t\t\t\t\t\t\t<div class=\"elementor-button-wrapper\">\n\t\t\t\t\t<a class=\"elementor-button elementor-button-link elementor-size-sm\" href=\"https:\/\/elevabalear.com\/en\/contact\/\">\n\t\t\t\t\t\t<span class=\"elementor-button-content-wrapper\">\n\t\t\t\t\t\t<span class=\"elementor-button-icon\">\n\t\t\t\t<i aria-hidden=\"true\" class=\"jki jki-arrow-right-light\"><\/i>\t\t\t<\/span>\n\t\t\t\t\t\t\t\t\t<span class=\"elementor-button-text\">I want to be a client<\/span>\n\t\t\t\t\t<\/span>\n\t\t\t\t\t<\/a>\n\t\t\t\t<\/div>\n\t\t\t\t\t\t\t\t<\/div>\n\t\t\t\t<\/div>\n\t\t\t\t<\/div>\n\t\t\t\t\t<\/div>\n\t\t\t\t<\/div>\n\t\t<div data-particle_enable=\"false\" data-particle-mobile-disabled=\"false\" class=\"elementor-element elementor-element-835291e e-flex e-con-boxed e-con e-parent\" data-id=\"835291e\" data-element_type=\"container\" data-e-type=\"container\" data-settings=\"{&quot;background_background&quot;:&quot;classic&quot;}\">\n\t\t\t\t\t<div class=\"e-con-inner\">\n\t\t<div data-particle_enable=\"false\" data-particle-mobile-disabled=\"false\" class=\"elementor-element elementor-element-ac5cbdd e-con-full e-flex e-con e-child\" data-id=\"ac5cbdd\" data-element_type=\"container\" data-e-type=\"container\">\n\t\t\t\t<div class=\"elementor-element elementor-element-5fe5ccb elementor-widget-mobile__width-inherit elementor-widget elementor-widget-heading\" data-id=\"5fe5ccb\" data-element_type=\"widget\" data-e-type=\"widget\" data-settings=\"{&quot;_animation&quot;:&quot;none&quot;}\" data-widget_type=\"heading.default\">\n\t\t\t\t<div class=\"elementor-widget-container\">\n\t\t\t\t\t<h2 class=\"elementor-heading-title elementor-size-default\">Frequently Asked Questions on Lift Repair and Modernisation<\/h2>\t\t\t\t<\/div>\n\t\t\t\t<\/div>\n\t\t\t\t<div class=\"elementor-element elementor-element-2d5b691 elementor-widget elementor-widget-text-editor\" data-id=\"2d5b691\" data-element_type=\"widget\" data-e-type=\"widget\" data-settings=\"{&quot;_animation&quot;:&quot;none&quot;}\" data-widget_type=\"text-editor.default\">\n\t\t\t\t<div class=\"elementor-widget-container\">\n\t\t\t\t\t\t\t\t\t<p>Below you will find answers to some of the most frequently asked questions about lift repair and modernisation.<\/p>\t\t\t\t\t\t\t\t<\/div>\n\t\t\t\t<\/div>\n\t\t\t\t<\/div>\n\t\t<div data-particle_enable=\"false\" data-particle-mobile-disabled=\"false\" class=\"elementor-element elementor-element-04f9445 e-con-full e-flex e-con e-child\" data-id=\"04f9445\" data-element_type=\"container\" data-e-type=\"container\" data-settings=\"{&quot;background_background&quot;:&quot;classic&quot;}\">\n\t\t\t\t<div class=\"elementor-element elementor-element-d8cb924 elementor-widget elementor-widget-eael-adv-accordion\" data-id=\"d8cb924\" data-element_type=\"widget\" data-e-type=\"widget\" data-widget_type=\"eael-adv-accordion.default\">\n\t\t\t\t<div class=\"elementor-widget-container\">\n\t\t\t\t\t            <div class=\"eael-adv-accordion\" id=\"eael-adv-accordion-d8cb924\" data-scroll-on-click=\"no\" data-scroll-speed=\"300\" data-accordion-id=\"d8cb924\" data-accordion-type=\"accordion\" data-toogle-speed=\"300\">\n            <div class=\"eael-accordion-list\">\n\t\t\t\t\t<div id=\"cunto-tiempo-tarda-una-reparacin-de-ascensor-tpica\" class=\"elementor-tab-title eael-accordion-header\" tabindex=\"0\" data-tab=\"1\" aria-controls=\"elementor-tab-content-2271\"><span class=\"eael-advanced-accordion-icon-closed\"><i aria-hidden=\"true\" class=\"fa-accordion-icon fas fa-plus\"><\/i><\/span><span class=\"eael-advanced-accordion-icon-opened\"><i aria-hidden=\"true\" class=\"fa-accordion-icon fas fa-minus\"><\/i><\/span><span class=\"eael-accordion-tab-title\">How long does a typical lift repair take?<\/span><i aria-hidden=\"true\" class=\"fa-toggle fas fa-angle-right\"><\/i><\/div><div id=\"elementor-tab-content-2271\" class=\"eael-accordion-content clearfix\" data-tab=\"1\" aria-labelledby=\"cunto-tiempo-tarda-una-reparacin-de-ascensor-tpica\"><p>Lift repair time varies depending on the complexity of the failure. Minor repairs can be completed in a few hours, while more complex repairs may require several days, especially if specific spare parts are needed. It is crucial to choose services that offer fast and accurate diagnostics to minimise downtime.<\/p><\/div>\n\t\t\t\t\t<\/div><div class=\"eael-accordion-list\">\n\t\t\t\t\t<div id=\"es-muy-disruptiva-la-modernizacin-de-un-ascensor\" class=\"elementor-tab-title eael-accordion-header\" tabindex=\"0\" data-tab=\"2\" aria-controls=\"elementor-tab-content-2272\"><span class=\"eael-advanced-accordion-icon-closed\"><i aria-hidden=\"true\" class=\"fa-accordion-icon fas fa-plus\"><\/i><\/span><span class=\"eael-advanced-accordion-icon-opened\"><i aria-hidden=\"true\" class=\"fa-accordion-icon fas fa-minus\"><\/i><\/span><span class=\"eael-accordion-tab-title\">How disruptive is lift modernisation?<\/span><i aria-hidden=\"true\" class=\"fa-toggle fas fa-angle-right\"><\/i><\/div><div id=\"elementor-tab-content-2272\" class=\"eael-accordion-content clearfix\" data-tab=\"2\" aria-labelledby=\"es-muy-disruptiva-la-modernizacin-de-un-ascensor\"><p>Lift modernisation can be carried out with careful planning to minimise disruption. The project can be phased so that the lift remains operational for as long as possible. Clear communication about timelines and processes can help manage the expectations of building users.<\/p><\/div>\n\t\t\t\t\t<\/div><div class=\"eael-accordion-list\">\n\t\t\t\t\t<div id=\"cmo-s-si-mi-ascensor-necesita-una-modernizacin\" class=\"elementor-tab-title eael-accordion-header\" tabindex=\"0\" data-tab=\"3\" aria-controls=\"elementor-tab-content-2273\"><span class=\"eael-advanced-accordion-icon-closed\"><i aria-hidden=\"true\" class=\"fa-accordion-icon fas fa-plus\"><\/i><\/span><span class=\"eael-advanced-accordion-icon-opened\"><i aria-hidden=\"true\" class=\"fa-accordion-icon fas fa-minus\"><\/i><\/span><span class=\"eael-accordion-tab-title\">How do I know if my lift needs modernisation?<\/span><i aria-hidden=\"true\" class=\"fa-toggle fas fa-angle-right\"><\/i><\/div><div id=\"elementor-tab-content-2273\" class=\"eael-accordion-content clearfix\" data-tab=\"3\" aria-labelledby=\"cmo-s-si-mi-ascensor-necesita-una-modernizacin\"><p>Lifts may require modernisation for a number of reasons, including technological obsolescence, updated safety regulations, or simply to improve energy efficiency. Signs such as increased service calls, deteriorating performance, or the need to comply with new regulations are clear indications that it is time to consider modernisation.<\/p><\/div>\n\t\t\t\t\t<\/div><div class=\"eael-accordion-list\">\n\t\t\t\t\t<div id=\"qu-beneficios-ofrece-la-modernizacin-de-un-ascensor\" class=\"elementor-tab-title eael-accordion-header\" tabindex=\"0\" data-tab=\"4\" aria-controls=\"elementor-tab-content-2274\"><span class=\"eael-advanced-accordion-icon-closed\"><i aria-hidden=\"true\" class=\"fa-accordion-icon fas fa-plus\"><\/i><\/span><span class=\"eael-advanced-accordion-icon-opened\"><i aria-hidden=\"true\" class=\"fa-accordion-icon fas fa-minus\"><\/i><\/span><span class=\"eael-accordion-tab-title\">What are the benefits of lift modernisation?<\/span><i aria-hidden=\"true\" class=\"fa-toggle fas fa-angle-right\"><\/i><\/div><div id=\"elementor-tab-content-2274\" class=\"eael-accordion-content clearfix\" data-tab=\"4\" aria-labelledby=\"qu-beneficios-ofrece-la-modernizacin-de-un-ascensor\"><p>Modernising a lift not only improves safety and efficiency, but can also provide a better user experience, reduce energy consumption and operating costs, and increase the value of the property. Improvements in lift technology can also result in smoother and quieter operation, improving passenger comfort.<\/p><\/div>\n\t\t\t\t\t<\/div><\/div>\t\t\t\t<\/div>\n\t\t\t\t<\/div>\n\t\t\t\t<\/div>\n\t\t\t\t\t<\/div>\n\t\t\t\t<\/div>\n\t\t<div data-particle_enable=\"false\" data-particle-mobile-disabled=\"false\" class=\"elementor-element elementor-element-5b553dae e-flex e-con-boxed e-con e-parent\" data-id=\"5b553dae\" data-element_type=\"container\" data-e-type=\"container\" data-settings=\"{&quot;background_background&quot;:&quot;classic&quot;}\">\n\t\t\t\t\t<div class=\"e-con-inner\">\n\t\t<div data-particle_enable=\"false\" data-particle-mobile-disabled=\"false\" class=\"elementor-element elementor-element-2afcd3e3 e-con-full e-flex e-con e-child\" data-id=\"2afcd3e3\" data-element_type=\"container\" data-e-type=\"container\" data-settings=\"{&quot;background_background&quot;:&quot;classic&quot;}\">\n\t\t<div data-particle_enable=\"false\" data-particle-mobile-disabled=\"false\" class=\"elementor-element elementor-element-2eb0bbe3 e-con-full e-flex e-con e-child\" data-id=\"2eb0bbe3\" data-element_type=\"container\" data-e-type=\"container\">\n\t\t\t\t<div class=\"elementor-element elementor-element-7e125b93 elementor-widget elementor-widget-heading\" data-id=\"7e125b93\" data-element_type=\"widget\" data-e-type=\"widget\" data-settings=\"{&quot;_animation&quot;:&quot;none&quot;}\" data-widget_type=\"heading.default\">\n\t\t\t\t<div class=\"elementor-widget-container\">\n\t\t\t\t\t<h2 class=\"elementor-heading-title elementor-size-default\">Shall we begin?<\/h2>\t\t\t\t<\/div>\n\t\t\t\t<\/div>\n\t\t\t\t<div class=\"elementor-element elementor-element-74052a2 elementor-widget elementor-widget-text-editor\" data-id=\"74052a2\" data-element_type=\"widget\" data-e-type=\"widget\" data-settings=\"{&quot;_animation&quot;:&quot;none&quot;}\" data-widget_type=\"text-editor.default\">\n\t\t\t\t<div class=\"elementor-widget-container\">\n\t\t\t\t\t\t\t\t\t<p>Contact us so we can advise you personally and send you a customized quote for lift repair and modernization. Our technical team is ready to offer you fast and effective solutions.<\/p>\t\t\t\t\t\t\t\t<\/div>\n\t\t\t\t<\/div>\n\t\t\t\t<div class=\"elementor-element elementor-element-49f5a5ae elementor-widget elementor-widget-button\" data-id=\"49f5a5ae\" data-element_type=\"widget\" data-e-type=\"widget\" data-settings=\"{&quot;_animation&quot;:&quot;none&quot;}\" data-widget_type=\"button.default\">\n\t\t\t\t<div class=\"elementor-widget-container\">\n\t\t\t\t\t\t\t\t\t<div class=\"elementor-button-wrapper\">\n\t\t\t\t\t<a class=\"elementor-button elementor-button-link elementor-size-sm\" href=\"https:\/\/elevabalear.com\/en\/contact\/\">\n\t\t\t\t\t\t<span class=\"elementor-button-content-wrapper\">\n\t\t\t\t\t\t<span class=\"elementor-button-icon\">\n\t\t\t\t<i aria-hidden=\"true\" class=\"icon icon-right-arrow\"><\/i>\t\t\t<\/span>\n\t\t\t\t\t\t\t\t\t<span class=\"elementor-button-text\">I want to be a client<\/span>\n\t\t\t\t\t<\/span>\n\t\t\t\t\t<\/a>\n\t\t\t\t<\/div>\n\t\t\t\t\t\t\t\t<\/div>\n\t\t\t\t<\/div>\n\t\t\t\t<\/div>\n\t\t<div data-particle_enable=\"false\" data-particle-mobile-disabled=\"false\" class=\"elementor-element elementor-element-6e8dbda6 e-con-full e-flex e-con e-child\" data-id=\"6e8dbda6\" data-element_type=\"container\" data-e-type=\"container\">\n\t\t\t\t<div class=\"elementor-element elementor-element-7d6875e3 elementor-widget elementor-widget-image\" data-id=\"7d6875e3\" data-element_type=\"widget\" data-e-type=\"widget\" data-settings=\"{&quot;_animation&quot;:&quot;none&quot;}\" data-widget_type=\"image.default\">\n\t\t\t\t<div class=\"elementor-widget-container\">\n\t\t\t\t\t\t\t\t\t\t\t\t\t\t\t<img decoding=\"async\" width=\"1000\" height=\"1000\" src=\"https:\/\/elevabalear.com\/wp-content\/uploads\/2025\/09\/ascensorista-en-mallorca.png\" class=\"attachment-full size-full wp-image-20563\" alt=\"elevator operator in Mallorca\" srcset=\"https:\/\/elevabalear.com\/wp-content\/uploads\/2025\/09\/ascensorista-en-mallorca.png 1000w, https:\/\/elevabalear.com\/wp-content\/uploads\/2025\/09\/ascensorista-en-mallorca-300x300.png 300w, https:\/\/elevabalear.com\/wp-content\/uploads\/2025\/09\/ascensorista-en-mallorca-150x150.png 150w, https:\/\/elevabalear.com\/wp-content\/uploads\/2025\/09\/ascensorista-en-mallorca-768x768.png 768w, https:\/\/elevabalear.com\/wp-content\/uploads\/2025\/09\/ascensorista-en-mallorca-12x12.png 12w, https:\/\/elevabalear.com\/wp-content\/uploads\/2025\/09\/ascensorista-en-mallorca-600x600.png 600w\" sizes=\"(max-width: 1000px) 100vw, 1000px\" \/>\t\t\t\t\t\t\t\t\t\t\t\t\t\t\t<\/div>\n\t\t\t\t<\/div>\n\t\t\t\t<\/div>\n\t\t\t\t<\/div>\n\t\t\t\t\t<\/div>\n\t\t\t\t<\/div>\n\t\t\t\t<\/div>","protected":false},"excerpt":{"rendered":"<p>Reparaci\u00f3n y Modernizaci\u00f3n de Ascensores en Baleares Con m\u00e1s de dos d\u00e9cadas de experiencia en el mundo de la reparaci\u00f3n y modernizaci\u00f3n de ascensores en Baleares, nuestro equipo de expertos se dedica a garantizar que tu ascensor funcione con la m\u00e1xima eficiencia, seguridad y confiabilidad. Quiero ser cliente Especialistas en Ascensores en Baleares\u200b Trabajando Juntos [&hellip;]<\/p>\n","protected":false},"author":1,"featured_media":0,"parent":0,"menu_order":0,"comment_status":"closed","ping_status":"closed","template":"elementor_header_footer","meta":{"ocean_post_layout":"","ocean_both_sidebars_style":"","ocean_both_sidebars_content_width":0,"ocean_both_sidebars_sidebars_width":0,"ocean_sidebar":"","ocean_second_sidebar":"","ocean_disable_margins":"enable","ocean_add_body_class":"","ocean_shortcode_before_top_bar":"","ocean_shortcode_after_top_bar":"","ocean_shortcode_before_header":"","ocean_shortcode_after_header":"","ocean_has_shortcode":"","ocean_shortcode_after_title":"","ocean_shortcode_before_footer_widgets":"","ocean_shortcode_after_footer_widgets":"","ocean_shortcode_before_footer_bottom":"","ocean_shortcode_after_footer_bottom":"","ocean_display_top_bar":"default","ocean_display_header":"default","ocean_header_style":"","ocean_center_header_left_menu":"","ocean_custom_header_template":"","ocean_custom_logo":0,"ocean_custom_retina_logo":0,"ocean_custom_logo_max_width":0,"ocean_custom_logo_tablet_max_width":0,"ocean_custom_logo_mobile_max_width":0,"ocean_custom_logo_max_height":0,"ocean_custom_logo_tablet_max_height":0,"ocean_custom_logo_mobile_max_height":0,"ocean_header_custom_menu":"","ocean_menu_typo_font_family":"","ocean_menu_typo_font_subset":"","ocean_menu_typo_font_size":0,"ocean_menu_typo_font_size_tablet":0,"ocean_menu_typo_font_size_mobile":0,"ocean_menu_typo_font_size_unit":"px","ocean_menu_typo_font_weight":"","ocean_menu_typo_font_weight_tablet":"","ocean_menu_typo_font_weight_mobile":"","ocean_menu_typo_transform":"","ocean_menu_typo_transform_tablet":"","ocean_menu_typo_transform_mobile":"","ocean_menu_typo_line_height":0,"ocean_menu_typo_line_height_tablet":0,"ocean_menu_typo_line_height_mobile":0,"ocean_menu_typo_line_height_unit":"","ocean_menu_typo_spacing":0,"ocean_menu_typo_spacing_tablet":0,"ocean_menu_typo_spacing_mobile":0,"ocean_menu_typo_spacing_unit":"","ocean_menu_link_color":"","ocean_menu_link_color_hover":"","ocean_menu_link_color_active":"","ocean_menu_link_background":"","ocean_menu_link_hover_background":"","ocean_menu_link_active_background":"","ocean_menu_social_links_bg":"","ocean_menu_social_hover_links_bg":"","ocean_menu_social_links_color":"","ocean_menu_social_hover_links_color":"","ocean_disable_title":"default","ocean_disable_heading":"default","ocean_post_title":"","ocean_post_subheading":"","ocean_post_title_style":"","ocean_post_title_background_color":"","ocean_post_title_background":0,"ocean_post_title_bg_image_position":"","ocean_post_title_bg_image_attachment":"","ocean_post_title_bg_image_repeat":"","ocean_post_title_bg_image_size":"","ocean_post_title_height":0,"ocean_post_title_bg_overlay":0.5,"ocean_post_title_bg_overlay_color":"","ocean_disable_breadcrumbs":"default","ocean_breadcrumbs_color":"","ocean_breadcrumbs_separator_color":"","ocean_breadcrumbs_links_color":"","ocean_breadcrumbs_links_hover_color":"","ocean_display_footer_widgets":"default","ocean_display_footer_bottom":"default","ocean_custom_footer_template":"","footnotes":""},"class_list":["post-14827","page","type-page","status-publish","hentry","entry"],"yoast_head":"<!-- This site is optimized with the Yoast SEO plugin v27.4 - https:\/\/yoast.com\/product\/yoast-seo-wordpress\/ -->\n<title>Reparaci\u00f3n y Modernizaci\u00f3n de Ascensores en Baleares<\/title>\n<meta name=\"description\" content=\"\u00bfNecesitas los servicios de reparaci\u00f3n y modernizaci\u00f3n de Ascensores en Baleares? ELEVA Balear es tu aliado confiable. Cont\u00e1ctanos.\" \/>\n<meta name=\"robots\" content=\"index, follow, max-snippet:-1, max-image-preview:large, max-video-preview:-1\" \/>\n<link rel=\"canonical\" href=\"https:\/\/elevabalear.com\/en\/lift-repair-and-modernisation-service\/\" \/>\n<meta property=\"og:locale\" content=\"en_GB\" \/>\n<meta property=\"og:type\" content=\"article\" \/>\n<meta property=\"og:title\" content=\"Reparaci\u00f3n y Modernizaci\u00f3n de Ascensores en Baleares\" \/>\n<meta property=\"og:description\" content=\"\u00bfNecesitas los servicios de reparaci\u00f3n y modernizaci\u00f3n de Ascensores en Baleares? ELEVA Balear es tu aliado confiable. Cont\u00e1ctanos.\" \/>\n<meta property=\"og:url\" content=\"https:\/\/elevabalear.com\/en\/lift-repair-and-modernisation-service\/\" \/>\n<meta property=\"og:site_name\" content=\"ELEVA Balear\" \/>\n<meta property=\"article:modified_time\" content=\"2025-09-16T14:52:46+00:00\" \/>\n<meta property=\"og:image\" content=\"https:\/\/elevabalear.com\/wp-content\/uploads\/elementor\/thumbs\/Reparacion-y-Modernizacion-de-Ascensores-en-Baleares-1-ra5ftcrb906piqp8l6oei5uy8g5uimqzy5wvjqgw5u.jpg\" \/>\n<meta name=\"twitter:card\" content=\"summary_large_image\" \/>\n<meta name=\"twitter:label1\" content=\"Estimated reading time\" \/>\n\t<meta name=\"twitter:data1\" content=\"5 minutes\" \/>\n<!-- \/ Yoast SEO plugin. -->","yoast_head_json":{"title":"Repair and Modernisation of Lifts in the Balearic Islands","description":"Do you need lift repair and modernisation services in the Balearic Islands? ELEVA Balear is your reliable partner. Contact us.","robots":{"index":"index","follow":"follow","max-snippet":"max-snippet:-1","max-image-preview":"max-image-preview:large","max-video-preview":"max-video-preview:-1"},"canonical":"https:\/\/elevabalear.com\/en\/lift-repair-and-modernisation-service\/","og_locale":"en_GB","og_type":"article","og_title":"Reparaci\u00f3n y Modernizaci\u00f3n de Ascensores en Baleares","og_description":"\u00bfNecesitas los servicios de reparaci\u00f3n y modernizaci\u00f3n de Ascensores en Baleares? ELEVA Balear es tu aliado confiable. Cont\u00e1ctanos.","og_url":"https:\/\/elevabalear.com\/en\/lift-repair-and-modernisation-service\/","og_site_name":"ELEVA Balear","article_modified_time":"2025-09-16T14:52:46+00:00","og_image":[{"url":"https:\/\/elevabalear.com\/wp-content\/uploads\/elementor\/thumbs\/Reparacion-y-Modernizacion-de-Ascensores-en-Baleares-1-ra5ftcrb906piqp8l6oei5uy8g5uimqzy5wvjqgw5u.jpg","type":"","width":"","height":""}],"twitter_card":"summary_large_image","twitter_misc":{"Estimated reading time":"5 minutes"},"schema":{"@context":"https:\/\/schema.org","@graph":[{"@type":"WebPage","@id":"https:\/\/elevabalear.com\/servicio-de-reparacion-y-modernizacion-de-ascensores\/","url":"https:\/\/elevabalear.com\/servicio-de-reparacion-y-modernizacion-de-ascensores\/","name":"Repair and Modernisation of Lifts in the Balearic Islands","isPartOf":{"@id":"https:\/\/elevabalear.com\/#website"},"primaryImageOfPage":{"@id":"https:\/\/elevabalear.com\/servicio-de-reparacion-y-modernizacion-de-ascensores\/#primaryimage"},"image":{"@id":"https:\/\/elevabalear.com\/servicio-de-reparacion-y-modernizacion-de-ascensores\/#primaryimage"},"thumbnailUrl":"https:\/\/elevabalear.com\/wp-content\/uploads\/elementor\/thumbs\/Reparacion-y-Modernizacion-de-Ascensores-en-Baleares-1-ra5ftcrb906piqp8l6oei5uy8g5uimqzy5wvjqgw5u.jpg","datePublished":"2025-04-04T12:00:52+00:00","dateModified":"2025-09-16T14:52:46+00:00","description":"Do you need lift repair and modernisation services in the Balearic Islands? ELEVA Balear is your reliable partner. Contact us.","breadcrumb":{"@id":"https:\/\/elevabalear.com\/servicio-de-reparacion-y-modernizacion-de-ascensores\/#breadcrumb"},"inLanguage":"en-GB","potentialAction":[{"@type":"ReadAction","target":["https:\/\/elevabalear.com\/servicio-de-reparacion-y-modernizacion-de-ascensores\/"]}]},{"@type":"ImageObject","inLanguage":"en-GB","@id":"https:\/\/elevabalear.com\/servicio-de-reparacion-y-modernizacion-de-ascensores\/#primaryimage","url":"https:\/\/elevabalear.com\/wp-content\/uploads\/elementor\/thumbs\/Reparacion-y-Modernizacion-de-Ascensores-en-Baleares-1-ra5ftcrb906piqp8l6oei5uy8g5uimqzy5wvjqgw5u.jpg","contentUrl":"https:\/\/elevabalear.com\/wp-content\/uploads\/elementor\/thumbs\/Reparacion-y-Modernizacion-de-Ascensores-en-Baleares-1-ra5ftcrb906piqp8l6oei5uy8g5uimqzy5wvjqgw5u.jpg"},{"@type":"BreadcrumbList","@id":"https:\/\/elevabalear.com\/servicio-de-reparacion-y-modernizacion-de-ascensores\/#breadcrumb","itemListElement":[{"@type":"ListItem","position":1,"name":"Portada","item":"https:\/\/elevabalear.com\/"},{"@type":"ListItem","position":2,"name":"Servicio de Reparaci\u00f3n y Modernizaci\u00f3n de Ascensores"}]},{"@type":"WebSite","@id":"https:\/\/elevabalear.com\/#website","url":"https:\/\/elevabalear.com\/","name":"ELEVA Balear","description":"Installation, Maintenance and Repair of Lifts in the Balearic Islands","publisher":{"@id":"https:\/\/elevabalear.com\/#organization"},"potentialAction":[{"@type":"SearchAction","target":{"@type":"EntryPoint","urlTemplate":"https:\/\/elevabalear.com\/?s={search_term_string}"},"query-input":{"@type":"PropertyValueSpecification","valueRequired":true,"valueName":"search_term_string"}}],"inLanguage":"en-GB"},{"@type":"Organization","@id":"https:\/\/elevabalear.com\/#organization","name":"ELEVA Balear","url":"https:\/\/elevabalear.com\/","logo":{"@type":"ImageObject","inLanguage":"en-GB","@id":"https:\/\/elevabalear.com\/#\/schema\/logo\/image\/","url":"https:\/\/elevabalear.com\/wp-content\/uploads\/2023\/10\/c56d09ec-0f5c-4f55-a956-5a80c7d26770.png","contentUrl":"https:\/\/elevabalear.com\/wp-content\/uploads\/2023\/10\/c56d09ec-0f5c-4f55-a956-5a80c7d26770.png","width":1410,"height":213,"caption":"ELEVA Balear"},"image":{"@id":"https:\/\/elevabalear.com\/#\/schema\/logo\/image\/"}}]}},"_links":{"self":[{"href":"https:\/\/elevabalear.com\/en\/wp-json\/wp\/v2\/pages\/14827","targetHints":{"allow":["GET"]}}],"collection":[{"href":"https:\/\/elevabalear.com\/en\/wp-json\/wp\/v2\/pages"}],"about":[{"href":"https:\/\/elevabalear.com\/en\/wp-json\/wp\/v2\/types\/page"}],"author":[{"embeddable":true,"href":"https:\/\/elevabalear.com\/en\/wp-json\/wp\/v2\/users\/1"}],"replies":[{"embeddable":true,"href":"https:\/\/elevabalear.com\/en\/wp-json\/wp\/v2\/comments?post=14827"}],"version-history":[{"count":115,"href":"https:\/\/elevabalear.com\/en\/wp-json\/wp\/v2\/pages\/14827\/revisions"}],"predecessor-version":[{"id":20575,"href":"https:\/\/elevabalear.com\/en\/wp-json\/wp\/v2\/pages\/14827\/revisions\/20575"}],"wp:attachment":[{"href":"https:\/\/elevabalear.com\/en\/wp-json\/wp\/v2\/media?parent=14827"}],"curies":[{"name":"wp","href":"https:\/\/api.w.org\/{rel}","templated":true}]}}